{"id":14940,"date":"2026-03-18T10:07:36","date_gmt":"2026-03-18T10:07:36","guid":{"rendered":"https:\/\/tranarakademin.se\/?page_id=14940"},"modified":"2026-04-23T21:43:30","modified_gmt":"2026-04-23T21:43:30","slug":"pt-webinar","status":"publish","type":"page","link":"https:\/\/tranarakademin.se\/en\/pt-webinar\/","title":{"rendered":"Webinar landningsida Version 2"},"content":{"rendered":"<figure itemscope itemtype=\"https:\/\/schema.org\/ImageObject\">\n\t\t\t\t<img decoding=\"async\" src=\"https:\/\/tranarakademin.se\/wp-content\/uploads\/2020\/04\/Logotyp-TA_Vertical-small-White.png\" alt=\"Logotyp TA_Vertical small White\" height=\"466\" width=\"798\" title=\"Logotyp TA_Vertical small White\" onerror=\"this.style.display='none'\" loading=\"lazy\" \/>\n\t<\/figure>\n  <!-- Hero Sektion -->\n  <main>\n      <!-- V\u00e4nster kolumn - Text & Knappar -->\n          Gratis Live-Webinar\n        <h1>\n          Funderar du p\u00e5 att bli PT? <br \/>\n          F\u00f6rst\u00e5 hur det funkar i praktiken f\u00f6rst.\n        <\/h1>\n        \n          Ett kostnadsfritt webinar d\u00e4r vi g\u00e5r igenom yrket, inkomsten och den snabbaste v\u00e4gen dit.\n        \n          <h2>\n            Vad du kommer att l\u00e4ra dig:\n          <\/h2>\n          <ul>\n            <li>\n              Hur jobbet faktiskt ser ut i vardagen\n            <\/li>\n            <li>\n              Vad man kan tj\u00e4na (och vad som p\u00e5verkar det)\n            <\/li>\n            <li>\n              Hur du vet om det \u00e4r r\u00e4tt f\u00f6r dig och hur v\u00e5r jobbgaranti fungerar\n            <\/li>\n          <\/ul>\n          <h3>V\u00e4lj datum och s\u00e4kra din plats:<\/h3>\n            <!-- Knapp 1 (Notera klassen web-1) -->\n            <button>\n                Alternativ 1\n                5 maj kl 18:00\n            <\/button>\n            <!-- Knapp 2 (Notera klassen web-1) -->\n            <button>\n                Alternativ 2\n                19 maj kl 18:00\n            <\/button>\n          \n            Begr\u00e4nsat antal platser per tillf\u00e4lle. F\u00f6rst till kvarn g\u00e4ller.\n          \n      <!-- H\u00f6ger kolumn - Bild (D\u00f6ljs p\u00e5 sm\u00e5 sk\u00e4rmar) -->\n          <img decoding=\"async\" src=\"https:\/\/images.unsplash.com\/photo-1571019614242-c5c5dee9f50b?ixlib=rb-4.0.3&#038;auto=format&#038;fit=crop&#038;w=1000&#038;q=80\" alt=\"Personlig tr\u00e4nare\" \/>\n                <p>Inkluderat<\/p>\n                <p>Information om v\u00e5r unika jobbgaranti<\/p>\n            <img decoding=\"async\" src=\"https:\/\/i.pravatar.cc\/100?img=11\" alt=\"User\" \/>\n            <img decoding=\"async\" src=\"https:\/\/i.pravatar.cc\/100?img=12\" alt=\"User\" \/>\n            <img decoding=\"async\" src=\"https:\/\/i.pravatar.cc\/100?img=13\" alt=\"User\" \/>\n          <p>\u00d6ver 500+ anm\u00e4lda<\/p>\n  <\/main>\n\t\t<iframe src=\"https:\/\/player.vimeo.com\/video\/1140573243?dnt=1&amp;app_id=122963\" width=\"500\" height=\"281\" frameborder=\"0\" allow=\"autoplay; fullscreen; picture-in-picture; clipboard-write; encrypted-media; web-share\" referrerpolicy=\"strict-origin-when-cross-origin\"><\/iframe>\t\n\t<p><em>N\u00e5gra av de arbetsgivare vi samarbetar med som letar tr\u00e4nare just nu!<\/em><\/p>\n<figure itemscope itemtype=\"https:\/\/schema.org\/ImageObject\">\n\t\t\t\t<img decoding=\"async\" src=\"https:\/\/tranarakademin.se\/wp-content\/uploads\/2024\/10\/gymsammarbeten.png\" alt=\"gymsammarbeten\" height=\"160\" width=\"2400\" title=\"gymsammarbeten\" onerror=\"this.style.display='none'\" loading=\"lazy\" \/>\n\t<\/figure>\n\t<blockquote><p>M\u00e5nga som \u00e4r nyfikna p\u00e5 PT-yrket undrar hur det faktiskt fungerar i praktiken. I webinaret g\u00e5r vi igenom hur v\u00e4gen fr\u00e5n intresse till f\u00f6rsta jobb kan se ut &#8211; och vad som kr\u00e4vs l\u00e4ngs v\u00e4gen.<\/p><\/blockquote>\n<figure itemscope itemtype=\"https:\/\/schema.org\/ImageObject\">\n\t\t\t\t<img decoding=\"async\" src=\"https:\/\/tranarakademin.se\/wp-content\/uploads\/2024\/12\/PT-studenter-anatomi-undervisning-scaled.jpg\" alt=\"PT-studenter anatomi undervisning\" height=\"1138\" width=\"1920\" title=\"PT-studenter anatomi undervisning\" onerror=\"this.style.display='none'\" loading=\"lazy\" \/>\n\t<\/figure>\n<h2>\n\t\t\t Det h\u00e4r f\u00e5r du klarhet i:\t<\/h2>\n\t<ul>\n\t\t\t<li>\n\t\t\t\tHur v\u00e5ra tidigare studenter har lyckats som PT\n\t\t\t<\/li>\n\t\t\t<li>\n\t\t\t\tVad arbetsgivarna tittar efter och vilka egenskaper som \u00e4r viktiga f\u00f6r att lyckas\n\t\t\t<\/li>\n\t\t\t<li>\n\t\t\t\tL\u00f6ner och hur mycket man tj\u00e4nar som PT\n\t\t\t<\/li>\n\t\t\t<li>\n\t\t\t\tHur du kan utbilda dig parallelt med ditt nuvarande arbete\n\t\t\t<\/li>\n\t\t\t<li>\n\t\t\t\tHur du kan landa ditt f\u00f6rsta jobb som PT inom 6 m\u00e5nader med v\u00e5r jobbgaranti\n\t\t\t<\/li>\n\t\t<\/ul>\n            <!-- Knapp 1 (Notera klassen web-1) -->\n            <button>\n                Alternativ 1\n                5 maj kl 18:00\n            <\/button>\n            <!-- Knapp 2 (Notera klassen web-1) -->\n            <button>\n                Alternativ 2\n                19 maj kl 18:00\n            <\/button>\n          \n            Begr\u00e4nsat antal platser per tillf\u00e4lle. F\u00f6rst till kvarn g\u00e4ller.\n          \n<figure itemscope itemtype=\"https:\/\/schema.org\/ImageObject\">\n\t\t\t\t<img decoding=\"async\" src=\"https:\/\/tranarakademin.se\/wp-content\/uploads\/2023\/03\/Kundomdomen-TA.png\" alt=\"Kundomdo\u0308men TA\" height=\"100\" width=\"800\" title=\"Kundomdo\u0308men TA\" onerror=\"this.style.display='none'\" loading=\"lazy\" \/>\n\t<\/figure>\n<h2>\n\t\t\t S\u00e5 h\u00e4r t\u00e4nkte andra innan de b\u00f6rjade\t<\/h2>\n\t<meta itemprop=\"name\" content=\"Intervju med Emelie\" \/><meta itemprop=\"description\" content=\"Intervju med Emelie student fr\u00e5n PT-utbildningen\" \/><meta itemprop=\"uploadDate\" content=\"2024-03-28T10:00+00:00\" \/><meta itemprop=\"thumbnailUrl\" content=\"https:\/\/tranarakademin.se\/wp-content\/uploads\/2024\/03\/Emelie-student-tranarakademin.jpg\" \/><meta itemprop=\"contentUrl\" content=\"https:\/\/vimeo.com\/928303976\" \/><meta itemprop=\"embedUrl\" content=\"https:\/\/vimeo.com\/928303976\" \/>\t\n\t\t\t<img decoding=\"async\" src=\"https:\/\/i.vimeocdn.com\/video\/1823636575-34e29ce6ef086b2b1a263dfc03cb6082177a4418c23ee4e2d61a8c50fa38fbd9-d_640?region=us\" alt=\"Intervju med Emelie\" \/>\t\t\t\t\t\t\t\n\t\t\t\t\tPlay Video\n\t\t\tIntervju med Emelie\n\t<meta itemprop=\"name\" content=\"Intervju med Anthony\" \/><meta itemprop=\"description\" content=\"Intervju med Anthony student fr\u00e5n PT-utbildningen\" \/><meta itemprop=\"uploadDate\" content=\"2024-03-28T10:00+00:00\" \/><meta itemprop=\"thumbnailUrl\" content=\"https:\/\/tranarakademin.se\/wp-content\/uploads\/2024\/03\/Anthony-student-Tranarakademin.jpg\" \/><meta itemprop=\"contentUrl\" content=\"https:\/\/vimeo.com\/928304007\" \/><meta itemprop=\"embedUrl\" content=\"https:\/\/vimeo.com\/928304007\" \/>\t\n\t\t\t<img decoding=\"async\" src=\"https:\/\/i.vimeocdn.com\/video\/1823652189-e520e48dcabd2cb12c072d218f7f1d336275d562830d42f9309cc944938fde78-d_640?region=us\" alt=\"Intervju med Anthony\" \/>\t\t\t\t\t\t\t\n\t\t\t\t\tPlay Video\n\t\t\tIntervju med Anthony\n\t<meta itemprop=\"name\" content=\"Intervju med Nick\" \/><meta itemprop=\"description\" content=\"Intervju med Nick student fr\u00e5n PT-utbildningen\" \/><meta itemprop=\"uploadDate\" content=\"2024-03-28T10:00+00:00\" \/><meta itemprop=\"thumbnailUrl\" content=\"https:\/\/tranarakademin.se\/wp-content\/uploads\/2024\/03\/Nick-student-Tranarakademin.jpg\" \/><meta itemprop=\"contentUrl\" content=\"https:\/\/vimeo.com\/928304038\" \/><meta itemprop=\"embedUrl\" content=\"https:\/\/vimeo.com\/928304038\" \/>\t\n\t\t\t<img decoding=\"async\" src=\"https:\/\/i.vimeocdn.com\/video\/1823643811-b2142dc9c345371dfd40039663c67b428c6e09ce330606dbfe5cdfa632edd128-d_640?region=us\" alt=\"Intervju med Nick\" \/>\t\t\t\t\t\t\t\n\t\t\t\t\tPlay Video\n\t\t\tIntervju med Nick\n\t<meta itemprop=\"name\" content=\"Intervju med Marika\" \/><meta itemprop=\"description\" content=\"Intervju med Marika student fr\u00e5n PT-utbildningen\" \/><meta itemprop=\"uploadDate\" content=\"2024-03-28T10:00+00:00\" \/><meta itemprop=\"thumbnailUrl\" content=\"https:\/\/tranarakademin.se\/wp-content\/uploads\/2024\/03\/Marika-student-PT-utbildningen.jpg\" \/><meta itemprop=\"contentUrl\" content=\"https:\/\/vimeo.com\/928303946\" \/><meta itemprop=\"embedUrl\" content=\"https:\/\/vimeo.com\/928303946\" \/>\t\n\t\t\t<img decoding=\"async\" src=\"https:\/\/i.vimeocdn.com\/video\/1823649447-7ae3bf9c7390463d7c9ffc805c7f2bd0ac2b20693b2f29794d7e0f5c6a6de62d-d_640?region=us\" alt=\"Intervju med Marika\" \/>\t\t\t\t\t\t\t\n\t\t\t\t\tPlay Video\n\t\t\tIntervju med Marika\n\t<p>&#8230;eller l\u00e4s alla v\u00e5ra studentomd\u00f6men p\u00e5 Reco<\/p>\n\t<iframe src=\"https:\/\/widget.reco.se\/v2\/widget\/1645877?mode=HORIZONTAL_QUOTE\" width=\"100%\" height=\"225\" scrolling=\"no\" data-reactroot=\"\"><\/iframe>\n<h2>\n\t\t\tVad arbetsgivarna har att s\u00e4ga om v\u00e5r studenter\t<\/h2>\n                        <img decoding=\"async\" src=\"https:\/\/tranarakademin.se\/wp-content\/uploads\/2020\/04\/mats-suneback-300x300.jpg\" alt=\"Bild p\u00e5 SATS:s PT-chef\" itemprop=\"image\" height=\"300\" width=\"300\" title=\"Mats suneb\u00e4ck\"  \/>\n\t\t                    <h5>Mats Suneb\u00e4ck<\/h5>\n                \t\t        \tPT chef p\u00e5 SATS\n\t\t        \t\t        \t<blockquote><p>Tr\u00e4narakademin levererar en kvalitativ PT- och tr\u00e4narutbildning. Utbildningen f\u00f6rbereder studenterna mycket v\u00e4l och m\u00e5nga av deras studenter har f\u00e5tt jobb hos oss och visat p\u00e5 fina prestationer i tr\u00e4narrollen.\u00a0\u00a0<\/p><\/blockquote>\n                        <img decoding=\"async\" src=\"https:\/\/tranarakademin.se\/wp-content\/uploads\/2023\/03\/Jonas-Lissjanis-297x300.jpg\" alt=\"Jonas Lissjanis\" itemprop=\"image\" height=\"300\" width=\"297\" title=\"Jonas Lissjanis\"  \/>\n\t\t                    <h4>Jonas Lissjanis<\/h4>\n                \t\t        \tPT chef p\u00e5 STC Training Club\n\t\t        \t\t        \t<blockquote><p>Tr\u00e4narakademins PT-utbildning sticker ut i utbildningsbranschen. Jag rekommenderar utbildningen starkt till dig som vill bli efterfr\u00e5gad p\u00e5 arbetsmarknaden.<\/p><\/blockquote>\n<h2>\n\t\t\tKan ni verkligen garantera jobb?\t<\/h2>\n\t<p><b>Ja &#8211; v\u00e5r jobbgaranti \u00e4r till f\u00f6r att ge dig en trygg start som PT.<\/b><\/p>\n<p>Genom den h\u00f6gsta niv\u00e5n av tr\u00e4narlicens och v\u00e5ra starka samarbeten med ledande tr\u00e4ningskedjor som SATS, STC, Fitness 24, Twich och Grand Fitness kan vi erbjuda v\u00e5ra studenter unika m\u00f6jligheter p\u00e5 arbetsmarknaden.<\/p>\n<p><b>S\u00e5 fungerar det:<\/b><\/p>\n<p>\u2022 Personlig v\u00e4gledning &#8211; vi kartl\u00e4gger din bakgrund och l\u00e4gger en plan<\/p>\n<p>\u2022 Karri\u00e4rst\u00f6d &#8211; hj\u00e4lp med CV, intervjuer och kontakt med arbetsgivare<\/p>\n<p>\u2022 Praktik &amp; n\u00e4tverk &#8211; tr\u00e4ffa arbetsgivare och f\u00e5 erfarenhet under utbildningen<\/p>\n<p>\u2022 L\u00f6pande st\u00f6d &#8211; vi f\u00f6ljer dig tills du f\u00e5r jobb<\/p>\n<p><b>94% av v\u00e5ra studenter som s\u00f6ker jobb f\u00e5r anst\u00e4llning direkt efter utbildningen.<\/b><\/p>\n<p>Om du uppfyller villkoren men \u00e4nd\u00e5 inte f\u00e5r jobb, \u00e5terbetalar vi 50% av utbildningskostnaden och forts\u00e4tter st\u00f6tta dig.<\/p>\n\t\t\t<a href=\"#demo2\"  target=\"_self\">\n\t\t\t\t\t\t\tDELTA I WEBINARIET >>\n\t\t\t\t\t<\/a>\n<h3>\n\t\t\tTr\u00e4narakademin <br \/> in numbers\t<\/h3>\n\t\t+1,000\n\t\t\t\t\tUtbildade tr\u00e4nare och coacher\n\t\t15 \u00e5r\n\t\t\t\t\tav kunskapsutveckling\n\t\t<h4>\n\t\t\tModal Box\n\t\t\t\t\t<\/h4>\n\t\t<h5>modal-<\/h5>\n\t\tClick here to edit the &#8221;modal-box&#8221; settings. This text is only for editing and will not appear after you publish the changes.\t\n\t\t\t\t\t\tPreview\n\t\t\tmodal-","protected":false},"excerpt":{"rendered":"<p>Gratis Live-Webinar Funderar du p\u00e5 att bli PT? F\u00f6rst\u00e5 hur det funkar i praktiken f\u00f6rst. Ett kostnadsfritt webinar d\u00e4r vi g\u00e5r igenom yrket, inkomsten och den snabbaste v\u00e4gen dit. Vad du kommer att l\u00e4ra dig: Hur jobbet faktiskt ser ut i vardagen Vad man kan tj\u00e4na (och vad som p\u00e5verkar det) Hur du vet om [&hellip;]<\/p>\n","protected":false},"author":1,"featured_media":0,"parent":0,"menu_order":0,"comment_status":"closed","ping_status":"closed","template":"","meta":{"site-sidebar-layout":"default","site-content-layout":"default","ast-site-content-layout":"default","site-content-style":"default","site-sidebar-style":"default","ast-global-header-display":"disabled","ast-banner-title-visibility":"","ast-main-header-display":"","ast-hfb-above-header-display":"","ast-hfb-below-header-display":"","ast-hfb-mobile-header-display":"","site-post-title":"disabled","ast-breadcrumbs-content":"","ast-featured-img":"","footer-sml-layout":"","ast-disable-related-posts":"","theme-transparent-header-meta":"default","adv-header-id-meta":"","stick-header-meta":"default","header-above-stick-meta":"","header-main-stick-meta":"","header-below-stick-meta":"","astra-migrate-meta-layouts":"set","ast-page-background-enabled":"default","ast-page-background-meta":{"desktop":{"background-color":"","background-image":"","background-repeat":"repeat","background-position":"center center","background-size":"auto","background-attachment":"scroll","background-type":"","background-media":"","overlay-type":"","overlay-color":"","overlay-opacity":"","overlay-gradient":""},"tablet":{"background-color":"","background-image":"","background-repeat":"repeat","background-position":"center center","background-size":"auto","background-attachment":"scroll","background-type":"","background-media":"","overlay-type":"","overlay-color":"","overlay-opacity":"","overlay-gradient":""},"mobile":{"background-color":"","background-image":"","background-repeat":"repeat","background-position":"center center","background-size":"auto","background-attachment":"scroll","background-type":"","background-media":"","overlay-type":"","overlay-color":"","overlay-opacity":"","overlay-gradient":""}},"ast-content-background-meta":{"desktop":{"background-color":"var(--ast-global-color-5)","background-image":"","background-repeat":"repeat","background-position":"center center","background-size":"auto","background-attachment":"scroll","background-type":"","background-media":"","overlay-type":"","overlay-color":"","overlay-opacity":"","overlay-gradient":""},"tablet":{"background-color":"var(--ast-global-color-5)","background-image":"","background-repeat":"repeat","background-position":"center center","background-size":"auto","background-attachment":"scroll","background-type":"","background-media":"","overlay-type":"","overlay-color":"","overlay-opacity":"","overlay-gradient":""},"mobile":{"background-color":"var(--ast-global-color-5)","background-image":"","background-repeat":"repeat","background-position":"center center","background-size":"auto","background-attachment":"scroll","background-type":"","background-media":"","overlay-type":"","overlay-color":"","overlay-opacity":"","overlay-gradient":""}},"footnotes":""},"tags":[],"class_list":["post-14940","page","type-page","status-publish","hentry"],"yoast_head":"<!-- This site is optimized with the Yoast SEO plugin v27.2 - https:\/\/yoast.com\/product\/yoast-seo-wordpress\/ -->\n<title>Webinar: Redo att ta n\u00e4sta steg mot att bli PT och tr\u00e4nare?<\/title>\n<meta name=\"robots\" content=\"index, follow, max-snippet:-1, max-image-preview:large, max-video-preview:-1\" \/>\n<link rel=\"canonical\" href=\"https:\/\/tranarakademin.se\/en\/pt-webinar\/\" \/>\n<meta property=\"og:locale\" content=\"en_GB\" \/>\n<meta property=\"og:type\" content=\"article\" \/>\n<meta property=\"og:title\" content=\"Webinar: Redo att ta n\u00e4sta steg mot att bli PT och tr\u00e4nare?\" \/>\n<meta property=\"og:description\" content=\"Gratis Live-Webinar Funderar du p\u00e5 att bli PT? F\u00f6rst\u00e5 hur det funkar i praktiken f\u00f6rst. Ett kostnadsfritt webinar d\u00e4r vi g\u00e5r igenom yrket, inkomsten och den snabbaste v\u00e4gen dit. Vad du kommer att l\u00e4ra dig: Hur jobbet faktiskt ser ut i vardagen Vad man kan tj\u00e4na (och vad som p\u00e5verkar det) Hur du vet om [&hellip;]\" \/>\n<meta property=\"og:url\" content=\"https:\/\/tranarakademin.se\/en\/pt-webinar\/\" \/>\n<meta property=\"og:site_name\" content=\"Tr\u00e4narakademin\" \/>\n<meta property=\"article:modified_time\" content=\"2026-04-23T21:43:30+00:00\" \/>\n<meta property=\"og:image\" content=\"https:\/\/tranarakademin.se\/wp-content\/uploads\/2020\/04\/Logotyp-TA_Vertical-small-White.png\" \/>\n<meta name=\"twitter:card\" content=\"summary_large_image\" \/>\n<meta name=\"twitter:label1\" content=\"Est. reading time\" \/>\n\t<meta name=\"twitter:data1\" content=\"5 minutes\" \/>\n<script type=\"application\/ld+json\" class=\"yoast-schema-graph\">{\"@context\":\"https:\/\/schema.org\",\"@graph\":[{\"@type\":\"WebPage\",\"@id\":\"https:\/\/tranarakademin.se\/pt-webinar\/\",\"url\":\"https:\/\/tranarakademin.se\/pt-webinar\/\",\"name\":\"Webinar: Redo att ta n\u00e4sta steg mot att bli PT och tr\u00e4nare?\",\"isPartOf\":{\"@id\":\"https:\/\/tranarakademin.se\/#website\"},\"primaryImageOfPage\":{\"@id\":\"https:\/\/tranarakademin.se\/pt-webinar\/#primaryimage\"},\"image\":{\"@id\":\"https:\/\/tranarakademin.se\/pt-webinar\/#primaryimage\"},\"thumbnailUrl\":\"https:\/\/tranarakademin.se\/wp-content\/uploads\/2020\/04\/Logotyp-TA_Vertical-small-White.png\",\"datePublished\":\"2026-03-18T10:07:36+00:00\",\"dateModified\":\"2026-04-23T21:43:30+00:00\",\"breadcrumb\":{\"@id\":\"https:\/\/tranarakademin.se\/pt-webinar\/#breadcrumb\"},\"inLanguage\":\"en-GB\",\"potentialAction\":[{\"@type\":\"ReadAction\",\"target\":[\"https:\/\/tranarakademin.se\/pt-webinar\/\"]}]},{\"@type\":\"ImageObject\",\"inLanguage\":\"en-GB\",\"@id\":\"https:\/\/tranarakademin.se\/pt-webinar\/#primaryimage\",\"url\":\"https:\/\/tranarakademin.se\/wp-content\/uploads\/2020\/04\/Logotyp-TA_Vertical-small-White.png\",\"contentUrl\":\"https:\/\/tranarakademin.se\/wp-content\/uploads\/2020\/04\/Logotyp-TA_Vertical-small-White.png\"},{\"@type\":\"BreadcrumbList\",\"@id\":\"https:\/\/tranarakademin.se\/pt-webinar\/#breadcrumb\",\"itemListElement\":[{\"@type\":\"ListItem\",\"position\":1,\"name\":\"Hem\",\"item\":\"https:\/\/tranarakademin.se\/\"},{\"@type\":\"ListItem\",\"position\":2,\"name\":\"Webinar landningsida Version 2\"}]},{\"@type\":\"WebSite\",\"@id\":\"https:\/\/tranarakademin.se\/#website\",\"url\":\"https:\/\/tranarakademin.se\/\",\"name\":\"Tr\u00e4narakademin\",\"description\":\"Framg\u00e5ng, Vetenskap och Gemenskap\",\"publisher\":{\"@id\":\"https:\/\/tranarakademin.se\/#organization\"},\"potentialAction\":[{\"@type\":\"SearchAction\",\"target\":{\"@type\":\"EntryPoint\",\"urlTemplate\":\"https:\/\/tranarakademin.se\/?s={search_term_string}\"},\"query-input\":{\"@type\":\"PropertyValueSpecification\",\"valueRequired\":true,\"valueName\":\"search_term_string\"}}],\"inLanguage\":\"en-GB\"},{\"@type\":\"Organization\",\"@id\":\"https:\/\/tranarakademin.se\/#organization\",\"name\":\"Tr\u00e4narakademin\",\"url\":\"https:\/\/tranarakademin.se\/\",\"logo\":{\"@type\":\"ImageObject\",\"inLanguage\":\"en-GB\",\"@id\":\"https:\/\/tranarakademin.se\/#\/schema\/logo\/image\/\",\"url\":\"https:\/\/tranarakademin.se\/wp-content\/uploads\/2020\/04\/Logotyp-TA_Vertical-small-Blue.png\",\"contentUrl\":\"https:\/\/tranarakademin.se\/wp-content\/uploads\/2020\/04\/Logotyp-TA_Vertical-small-Blue.png\",\"width\":798,\"height\":464,\"caption\":\"Tr\u00e4narakademin\"},\"image\":{\"@id\":\"https:\/\/tranarakademin.se\/#\/schema\/logo\/image\/\"}}]}<\/script>\n<!-- \/ Yoast SEO plugin. -->","yoast_head_json":{"title":"Webinar: Redo att ta n\u00e4sta steg mot att bli PT och tr\u00e4nare?","robots":{"index":"index","follow":"follow","max-snippet":"max-snippet:-1","max-image-preview":"max-image-preview:large","max-video-preview":"max-video-preview:-1"},"canonical":"https:\/\/tranarakademin.se\/en\/pt-webinar\/","og_locale":"en_GB","og_type":"article","og_title":"Webinar: Redo att ta n\u00e4sta steg mot att bli PT och tr\u00e4nare?","og_description":"Gratis Live-Webinar Funderar du p\u00e5 att bli PT? F\u00f6rst\u00e5 hur det funkar i praktiken f\u00f6rst. Ett kostnadsfritt webinar d\u00e4r vi g\u00e5r igenom yrket, inkomsten och den snabbaste v\u00e4gen dit. Vad du kommer att l\u00e4ra dig: Hur jobbet faktiskt ser ut i vardagen Vad man kan tj\u00e4na (och vad som p\u00e5verkar det) Hur du vet om [&hellip;]","og_url":"https:\/\/tranarakademin.se\/en\/pt-webinar\/","og_site_name":"Tr\u00e4narakademin","article_modified_time":"2026-04-23T21:43:30+00:00","og_image":[{"url":"https:\/\/tranarakademin.se\/wp-content\/uploads\/2020\/04\/Logotyp-TA_Vertical-small-White.png","type":"","width":"","height":""}],"twitter_card":"summary_large_image","twitter_misc":{"Est. reading time":"5 minutes"},"schema":{"@context":"https:\/\/schema.org","@graph":[{"@type":"WebPage","@id":"https:\/\/tranarakademin.se\/pt-webinar\/","url":"https:\/\/tranarakademin.se\/pt-webinar\/","name":"Webinar: Redo att ta n\u00e4sta steg mot att bli PT och tr\u00e4nare?","isPartOf":{"@id":"https:\/\/tranarakademin.se\/#website"},"primaryImageOfPage":{"@id":"https:\/\/tranarakademin.se\/pt-webinar\/#primaryimage"},"image":{"@id":"https:\/\/tranarakademin.se\/pt-webinar\/#primaryimage"},"thumbnailUrl":"https:\/\/tranarakademin.se\/wp-content\/uploads\/2020\/04\/Logotyp-TA_Vertical-small-White.png","datePublished":"2026-03-18T10:07:36+00:00","dateModified":"2026-04-23T21:43:30+00:00","breadcrumb":{"@id":"https:\/\/tranarakademin.se\/pt-webinar\/#breadcrumb"},"inLanguage":"en-GB","potentialAction":[{"@type":"ReadAction","target":["https:\/\/tranarakademin.se\/pt-webinar\/"]}]},{"@type":"ImageObject","inLanguage":"en-GB","@id":"https:\/\/tranarakademin.se\/pt-webinar\/#primaryimage","url":"https:\/\/tranarakademin.se\/wp-content\/uploads\/2020\/04\/Logotyp-TA_Vertical-small-White.png","contentUrl":"https:\/\/tranarakademin.se\/wp-content\/uploads\/2020\/04\/Logotyp-TA_Vertical-small-White.png"},{"@type":"BreadcrumbList","@id":"https:\/\/tranarakademin.se\/pt-webinar\/#breadcrumb","itemListElement":[{"@type":"ListItem","position":1,"name":"Hem","item":"https:\/\/tranarakademin.se\/"},{"@type":"ListItem","position":2,"name":"Webinar landningsida Version 2"}]},{"@type":"WebSite","@id":"https:\/\/tranarakademin.se\/#website","url":"https:\/\/tranarakademin.se\/","name":"Tr\u00e4narakademin","description":"Success, Science and Community","publisher":{"@id":"https:\/\/tranarakademin.se\/#organization"},"potentialAction":[{"@type":"SearchAction","target":{"@type":"EntryPoint","urlTemplate":"https:\/\/tranarakademin.se\/?s={search_term_string}"},"query-input":{"@type":"PropertyValueSpecification","valueRequired":true,"valueName":"search_term_string"}}],"inLanguage":"en-GB"},{"@type":"Organization","@id":"https:\/\/tranarakademin.se\/#organization","name":"Tr\u00e4narakademin","url":"https:\/\/tranarakademin.se\/","logo":{"@type":"ImageObject","inLanguage":"en-GB","@id":"https:\/\/tranarakademin.se\/#\/schema\/logo\/image\/","url":"https:\/\/tranarakademin.se\/wp-content\/uploads\/2020\/04\/Logotyp-TA_Vertical-small-Blue.png","contentUrl":"https:\/\/tranarakademin.se\/wp-content\/uploads\/2020\/04\/Logotyp-TA_Vertical-small-Blue.png","width":798,"height":464,"caption":"Tr\u00e4narakademin"},"image":{"@id":"https:\/\/tranarakademin.se\/#\/schema\/logo\/image\/"}}]}},"_links":{"self":[{"href":"https:\/\/tranarakademin.se\/en\/wp-json\/wp\/v2\/pages\/14940","targetHints":{"allow":["GET"]}}],"collection":[{"href":"https:\/\/tranarakademin.se\/en\/wp-json\/wp\/v2\/pages"}],"about":[{"href":"https:\/\/tranarakademin.se\/en\/wp-json\/wp\/v2\/types\/page"}],"author":[{"embeddable":true,"href":"https:\/\/tranarakademin.se\/en\/wp-json\/wp\/v2\/users\/1"}],"replies":[{"embeddable":true,"href":"https:\/\/tranarakademin.se\/en\/wp-json\/wp\/v2\/comments?post=14940"}],"version-history":[{"count":6,"href":"https:\/\/tranarakademin.se\/en\/wp-json\/wp\/v2\/pages\/14940\/revisions"}],"predecessor-version":[{"id":15020,"href":"https:\/\/tranarakademin.se\/en\/wp-json\/wp\/v2\/pages\/14940\/revisions\/15020"}],"wp:attachment":[{"href":"https:\/\/tranarakademin.se\/en\/wp-json\/wp\/v2\/media?parent=14940"}],"wp:term":[{"taxonomy":"post_tag","embeddable":true,"href":"https:\/\/tranarakademin.se\/en\/wp-json\/wp\/v2\/tags?post=14940"}],"curies":[{"name":"wp","href":"https:\/\/api.w.org\/{rel}","templated":true}]}}